{"id":10089,"date":"2022-09-28T17:07:13","date_gmt":"2022-09-28T17:07:13","guid":{"rendered":"https:\/\/uttijuana.edu.mx\/?page_id=10089"},"modified":"2022-09-28T17:11:58","modified_gmt":"2022-09-28T17:11:58","slug":"semana-de-la-contaduria-publica","status":"publish","type":"page","link":"https:\/\/uttijuana.edu.mx\/index.php\/semana-de-la-contaduria-publica\/","title":{"rendered":"SEMANA DE LA CONTADUR\u00cdA P\u00daBLICA"},"content":{"rendered":"\t\t<div data-elementor-type=\"wp-page\" data-elementor-id=\"10089\" class=\"elementor elementor-10089\" data-elementor-post-type=\"page\">\n\t\t\t\t\t\t<section class=\"elementor-section elementor-top-section elementor-element elementor-element-cd1a8a3 elementor-section-boxed elementor-section-height-default elementor-section-height-default wpr-particle-no wpr-jarallax-no wpr-parallax-no wpr-sticky-section-no\" data-id=\"cd1a8a3\" data-element_type=\"section\">\n\t\t\t\t\t\t<div class=\"elementor-container elementor-column-gap-default\">\n\t\t\t\t\t<div class=\"elementor-column elementor-col-100 elementor-top-column elementor-element elementor-element-cd5f9b5\" data-id=\"cd5f9b5\" data-element_type=\"column\">\n\t\t\t<div class=\"elementor-widget-wrap elementor-element-populated\">\n\t\t\t\t\t\t<div class=\"elementor-element elementor-element-2acd625 elementor-widget elementor-widget-heading\" data-id=\"2acd625\" data-element_type=\"widget\" data-widget_type=\"heading.default\">\n\t\t\t\t<div class=\"elementor-widget-container\">\n\t\t\t\t\t<h2 class=\"elementor-heading-title elementor-size-default\">FUNGE UTT COMO SEDE DE LA SEMANA DE LA CONTADUR\u00cdA\nP\u00daBLICA<\/h2>\t\t\t\t<\/div>\n\t\t\t\t<\/div>\n\t\t\t\t\t<\/div>\n\t\t<\/div>\n\t\t\t\t\t<\/div>\n\t\t<\/section>\n\t\t\t\t<section class=\"elementor-section elementor-top-section elementor-element elementor-element-21731dc elementor-section-boxed elementor-section-height-default elementor-section-height-default wpr-particle-no wpr-jarallax-no wpr-parallax-no wpr-sticky-section-no\" data-id=\"21731dc\" data-element_type=\"section\">\n\t\t\t\t\t\t<div class=\"elementor-container elementor-column-gap-default\">\n\t\t\t\t\t<div class=\"elementor-column elementor-col-100 elementor-top-column elementor-element elementor-element-222a9bd\" data-id=\"222a9bd\" data-element_type=\"column\">\n\t\t\t<div class=\"elementor-widget-wrap elementor-element-populated\">\n\t\t\t\t\t\t<div class=\"elementor-element elementor-element-e55b05c elementor-widget elementor-widget-image\" data-id=\"e55b05c\" data-element_type=\"widget\" data-widget_type=\"image.default\">\n\t\t\t\t<div class=\"elementor-widget-container\">\n\t\t\t\t\t\t\t\t\t\t\t\t\t\t\t<img decoding=\"async\" data-src=\"https:\/\/uttijuana.edu.mx\/wp-content\/uploads\/2022\/09\/6.jpeg\" title=\"\" alt=\"\" src=\"data:image\/gif;base64,R0lGODlhAQABAAAAACH5BAEKAAEALAAAAAABAAEAAAICTAEAOw==\" class=\"lazyload\" \/>\t\t\t\t\t\t\t\t\t\t\t\t\t\t\t<\/div>\n\t\t\t\t<\/div>\n\t\t\t\t<div class=\"elementor-element elementor-element-c6c4536 elementor-widget elementor-widget-heading\" data-id=\"c6c4536\" data-element_type=\"widget\" data-widget_type=\"heading.default\">\n\t\t\t\t<div class=\"elementor-widget-container\">\n\t\t\t\t\t<h5 class=\"elementor-heading-title elementor-size-medium\"><blockquote>\nLa Universidad Tecnol\u00f3gica de Tijuana (UTT) fungi\u00f3 como\nsede de la XXXVIII Semana de la Contadur\u00eda P\u00fablica, que promueve\nel Colegio de Contadores P\u00fablicos de Baja California, con la finalidad\nde compartir conocimientos y experiencias con la comunidad\nuniversitaria.<p> <\/p>\n\n\nEl rector, Mtro. Salvador Morales Riub\u00ed, destac\u00f3 que la instituci\u00f3n haya\nsido elegida como anfitriona para impartir la conferencia \u201cEl Contador\nP\u00fablico como Factor en la Competitividad de los Negocios\u201d, por parte\ndel Contador P\u00fablico Certificado, Eduardo Acu\u00f1a Ba\u00f1uelos, lo que dijo\nsin duda abonar\u00e1 a la formaci\u00f3n de los estudiantes.<p> <\/p>\n\nEn el mensaje que dirigi\u00f3 a los asistentes, afirm\u00f3 que la UTT \u201ces la\ncasa de los contadores\u201d y que de manera permanente se trabaja en la\nvinculaci\u00f3n con el sector productivo, para que los alumnos y\negresados logren colocarse con \u00e9xito en despachos contables y\nempresas.<p> <\/p>\n\n\u201cSabemos que estamos haciendo un buen trabajo, nos lo dicen\nustedes, los contadores p\u00fablicos colegiados, muchas gracias por ese\napoyo a los alumnos de la universidad tecnol\u00f3gica\u201d, expres\u00f3.<p> <\/p>\n\nMorales Riub\u00ed tambi\u00e9n resalt\u00f3 que desde un espacio de la universidad\ntecnol\u00f3gica se comparta conocimiento con estudiantes de otras\nuniversidades.<p> <\/p>\n\nPor su parte, el presidente electo de Colegio de Contadores P\u00fablicos\nde Baja California, Isaac Estrada Fragoso, coment\u00f3 que uno de los\nobjetivos de la Semana de la Contadur\u00eda P\u00fablica es reforzar la\ncercan\u00eda con las instituciones de educaci\u00f3n superior y en particular\ncon la UTT, que desde hace muchos a\u00f1os ha sido una gran aliada.<p> <\/p>\n\n\u201cPara el Colegio de Contadores P\u00fablicos de Baja California es muy\nimportante contar con el apoyo de la Universidad Tecnol\u00f3gica de\nTijuana (UTT), nos sentimos muy honrados de que sean parte de la\nSemana de la Contadur\u00eda\u201d, manifest\u00f3.<p> <\/p>\n\nEstrada Fragoso se\u00f1al\u00f3 que las actividades y la tem\u00e1ticas de la\nSemana de la Contadur\u00eda en su edici\u00f3n 2022 est\u00e1n enfocadas en\nanalizar la nueva realidad a partir de los retos que dej\u00f3 la pandemia.<p> <\/p>\n<\/h5>\t\t\t\t<\/div>\n\t\t\t\t<\/div>\n\t\t\t\t<div class=\"elementor-element elementor-element-e1e140a elementor-widget elementor-widget-gallery\" data-id=\"e1e140a\" data-element_type=\"widget\" data-settings=\"{&quot;columns&quot;:2,&quot;lazyload&quot;:&quot;yes&quot;,&quot;gallery_layout&quot;:&quot;grid&quot;,&quot;columns_tablet&quot;:2,&quot;columns_mobile&quot;:1,&quot;gap&quot;:{&quot;unit&quot;:&quot;px&quot;,&quot;size&quot;:10,&quot;sizes&quot;:[]},&quot;gap_tablet&quot;:{&quot;unit&quot;:&quot;px&quot;,&quot;size&quot;:10,&quot;sizes&quot;:[]},&quot;gap_mobile&quot;:{&quot;unit&quot;:&quot;px&quot;,&quot;size&quot;:10,&quot;sizes&quot;:[]},&quot;link_to&quot;:&quot;file&quot;,&quot;aspect_ratio&quot;:&quot;3:2&quot;,&quot;overlay_background&quot;:&quot;yes&quot;,&quot;content_hover_animation&quot;:&quot;fade-in&quot;}\" data-widget_type=\"gallery.default\">\n\t\t\t\t<div class=\"elementor-widget-container\">\n\t\t\t\t\t\t\t<div class=\"elementor-gallery__container\">\n\t\t\t\t\t<\/div>\n\t\t\t\t\t<\/div>\n\t\t\t\t<\/div>\n\t\t\t\t<div class=\"elementor-element elementor-element-1e82084 elementor-widget elementor-widget-spacer\" data-id=\"1e82084\" data-element_type=\"widget\" data-widget_type=\"spacer.default\">\n\t\t\t\t<div class=\"elementor-widget-container\">\n\t\t\t\t\t\t\t<div class=\"elementor-spacer\">\n\t\t\t<div class=\"elementor-spacer-inner\"><\/div>\n\t\t<\/div>\n\t\t\t\t\t\t<\/div>\n\t\t\t\t<\/div>\n\t\t\t\t\t<\/div>\n\t\t<\/div>\n\t\t\t\t\t<\/div>\n\t\t<\/section>\n\t\t\t\t<\/div>\n\t\t","protected":false},"excerpt":{"rendered":"<p>FUNGE UTT COMO SEDE DE LA SEMANA DE LA CONTADUR\u00cdA P\u00daBLICA La Universidad Tecnol\u00f3gica de Tijuana (UTT) fungi\u00f3 como sede de la XXXVIII Semana de la Contadur\u00eda P\u00fablica, que promueve el Colegio de Contadores P\u00fablicos de Baja California, con la finalidad de compartir conocimientos y experiencias con la comunidad universitaria. El rector, Mtro. Salvador Morales Riub\u00ed, destac\u00f3 que la instituci\u00f3n haya sido elegida como anfitriona para impartir la conferencia \u201cEl Contador P\u00fablico como Factor en la Competitividad de los Negocios\u201d, por parte del Contador P\u00fablico Certificado, Eduardo Acu\u00f1a Ba\u00f1uelos, lo que dijo sin duda abonar\u00e1 a la formaci\u00f3n de los estudiantes. En el mensaje que dirigi\u00f3 a los asistentes, afirm\u00f3 que la UTT \u201ces la casa de los contadores\u201d y que de manera permanente se trabaja en la vinculaci\u00f3n con el sector productivo, para que los alumnos y egresados logren colocarse con \u00e9xito en despachos contables y empresas. \u201cSabemos que estamos haciendo un buen trabajo, nos lo dicen ustedes, los contadores p\u00fablicos colegiados, muchas gracias por ese apoyo a los alumnos de la universidad tecnol\u00f3gica\u201d, expres\u00f3. Morales Riub\u00ed tambi\u00e9n resalt\u00f3 que desde un espacio de la universidad tecnol\u00f3gica se comparta conocimiento con estudiantes de otras universidades. Por su parte, el presidente electo de Colegio de Contadores P\u00fablicos de Baja California, Isaac Estrada Fragoso, coment\u00f3 que uno de los objetivos de la Semana de la Contadur\u00eda P\u00fablica es reforzar la cercan\u00eda con las instituciones de educaci\u00f3n superior y en particular con la UTT, que desde hace muchos a\u00f1os ha sido una gran aliada. \u201cPara el Colegio de Contadores P\u00fablicos de Baja California es muy importante contar con el apoyo de la Universidad Tecnol\u00f3gica de Tijuana (UTT), nos sentimos muy honrados de que sean parte de la Semana de la Contadur\u00eda\u201d, manifest\u00f3. Estrada Fragoso se\u00f1al\u00f3 que las actividades y la tem\u00e1ticas de la Semana de la Contadur\u00eda en su edici\u00f3n 2022 est\u00e1n enfocadas en analizar la nueva realidad a partir de los retos que dej\u00f3 la pandemia.<\/p>\n","protected":false},"author":2,"featured_media":0,"parent":0,"menu_order":0,"comment_status":"closed","ping_status":"closed","template":"","meta":{"_monsterinsights_skip_tracking":false,"_monsterinsights_sitenote_active":false,"_monsterinsights_sitenote_note":"","_monsterinsights_sitenote_category":0,"_uf_show_specific_survey":0,"_uf_disable_surveys":false,"site-sidebar-layout":"no-sidebar","site-content-layout":"page-builder","ast-site-content-layout":"default","site-content-style":"default","site-sidebar-style":"default","ast-global-header-display":"","ast-banner-title-visibility":"","ast-main-header-display":"","ast-hfb-above-header-display":"","ast-hfb-below-header-display":"","ast-hfb-mobile-header-display":"","site-post-title":"disabled","ast-breadcrumbs-content":"","ast-featured-img":"disabled","footer-sml-layout":"","ast-disable-related-posts":"","theme-transparent-header-meta":"","adv-header-id-meta":"","stick-header-meta":"","header-above-stick-meta":"","header-main-stick-meta":"","header-below-stick-meta":"","astra-migrate-meta-layouts":"default","ast-page-background-enabled":"default","ast-page-background-meta":{"desktop":{"background-color":"","background-image":"","background-repeat":"repeat","background-position":"center center","background-size":"auto","background-attachment":"scroll","background-type":"","background-media":"","overlay-type":"","overlay-color":"","overlay-opacity":"","overlay-gradient":""},"tablet":{"background-color":"","background-image":"","background-repeat":"repeat","background-position":"center center","background-size":"auto","background-attachment":"scroll","background-type":"","background-media":"","overlay-type":"","overlay-color":"","overlay-opacity":"","overlay-gradient":""},"mobile":{"background-color":"","background-image":"","background-repeat":"repeat","background-position":"center center","background-size":"auto","background-attachment":"scroll","background-type":"","background-media":"","overlay-type":"","overlay-color":"","overlay-opacity":"","overlay-gradient":""}},"ast-content-background-meta":{"desktop":{"background-color":"var(--ast-global-color-5)","background-image":"","background-repeat":"repeat","background-position":"center center","background-size":"auto","background-attachment":"scroll","background-type":"","background-media":"","overlay-type":"","overlay-color":"","overlay-opacity":"","overlay-gradient":""},"tablet":{"background-color":"var(--ast-global-color-5)","background-image":"","background-repeat":"repeat","background-position":"center center","background-size":"auto","background-attachment":"scroll","background-type":"","background-media":"","overlay-type":"","overlay-color":"","overlay-opacity":"","overlay-gradient":""},"mobile":{"background-color":"var(--ast-global-color-5)","background-image":"","background-repeat":"repeat","background-position":"center center","background-size":"auto","background-attachment":"scroll","background-type":"","background-media":"","overlay-type":"","overlay-color":"","overlay-opacity":"","overlay-gradient":""}},"footnotes":""},"class_list":["post-10089","page","type-page","status-publish","hentry"],"_links":{"self":[{"href":"https:\/\/uttijuana.edu.mx\/index.php\/wp-json\/wp\/v2\/pages\/10089","targetHints":{"allow":["GET"]}}],"collection":[{"href":"https:\/\/uttijuana.edu.mx\/index.php\/wp-json\/wp\/v2\/pages"}],"about":[{"href":"https:\/\/uttijuana.edu.mx\/index.php\/wp-json\/wp\/v2\/types\/page"}],"author":[{"embeddable":true,"href":"https:\/\/uttijuana.edu.mx\/index.php\/wp-json\/wp\/v2\/users\/2"}],"replies":[{"embeddable":true,"href":"https:\/\/uttijuana.edu.mx\/index.php\/wp-json\/wp\/v2\/comments?post=10089"}],"version-history":[{"count":4,"href":"https:\/\/uttijuana.edu.mx\/index.php\/wp-json\/wp\/v2\/pages\/10089\/revisions"}],"predecessor-version":[{"id":10094,"href":"https:\/\/uttijuana.edu.mx\/index.php\/wp-json\/wp\/v2\/pages\/10089\/revisions\/10094"}],"wp:attachment":[{"href":"https:\/\/uttijuana.edu.mx\/index.php\/wp-json\/wp\/v2\/media?parent=10089"}],"curies":[{"name":"wp","href":"https:\/\/api.w.org\/{rel}","templated":true}]}}