{"id":12402,"date":"2023-07-11T23:37:10","date_gmt":"2023-07-11T23:37:10","guid":{"rendered":"https:\/\/uttijuana.edu.mx\/?page_id=12402"},"modified":"2023-07-11T23:39:19","modified_gmt":"2023-07-11T23:39:19","slug":"refuerza-utt-lazos-con-empresa-safran-tras-gira-de-trabajo-por-francia","status":"publish","type":"page","link":"https:\/\/uttijuana.edu.mx\/index.php\/refuerza-utt-lazos-con-empresa-safran-tras-gira-de-trabajo-por-francia\/","title":{"rendered":"REFUERZA UTT LAZOS CON EMPRESA SAFRAN TRAS GIRA DE TRABAJO POR FRANCIA"},"content":{"rendered":"\t\t<div data-elementor-type=\"wp-page\" data-elementor-id=\"12402\" class=\"elementor elementor-12402\" data-elementor-post-type=\"page\">\n\t\t\t\t\t\t<section class=\"elementor-section elementor-top-section elementor-element elementor-element-2f289a15 elementor-section-boxed elementor-section-height-default elementor-section-height-default wpr-particle-no wpr-jarallax-no wpr-parallax-no wpr-sticky-section-no\" data-id=\"2f289a15\" data-element_type=\"section\">\n\t\t\t\t\t\t<div class=\"elementor-container elementor-column-gap-default\">\n\t\t\t\t\t<div class=\"elementor-column elementor-col-100 elementor-top-column elementor-element elementor-element-1d1e0622\" data-id=\"1d1e0622\" data-element_type=\"column\">\n\t\t\t<div class=\"elementor-widget-wrap elementor-element-populated\">\n\t\t\t\t\t\t<div class=\"elementor-element elementor-element-7ce36768 elementor-widget elementor-widget-heading\" data-id=\"7ce36768\" data-element_type=\"widget\" data-widget_type=\"heading.default\">\n\t\t\t\t<div class=\"elementor-widget-container\">\n\t\t\t\t\t<h2 class=\"elementor-heading-title elementor-size-default\">REFUERZA UTT LAZOS CON EMPRESA SAFRAN TRAS GIRA DE TRABAJO POR FRANCIA<\/h2>\t\t\t\t<\/div>\n\t\t\t\t<\/div>\n\t\t\t\t<div class=\"elementor-element elementor-element-140d4a0b elementor-widget elementor-widget-image\" data-id=\"140d4a0b\" data-element_type=\"widget\" data-widget_type=\"image.default\">\n\t\t\t\t<div class=\"elementor-widget-container\">\n\t\t\t\t\t\t\t\t\t\t\t\t\t\t\t<img fetchpriority=\"high\" decoding=\"async\" width=\"768\" height=\"1024\" src=\"https:\/\/uttijuana.edu.mx\/wp-content\/uploads\/2023\/07\/EMPRESA-SAFRAN-TRAS-GIRA.jpeg\" class=\"attachment-medium_large size-medium_large wp-image-12392\" alt=\"\" srcset=\"https:\/\/uttijuana.edu.mx\/wp-content\/uploads\/2023\/07\/EMPRESA-SAFRAN-TRAS-GIRA.jpeg 768w, https:\/\/uttijuana.edu.mx\/wp-content\/uploads\/2023\/07\/EMPRESA-SAFRAN-TRAS-GIRA-225x300.jpeg 225w\" sizes=\"(max-width: 768px) 100vw, 768px\" \/>\t\t\t\t\t\t\t\t\t\t\t\t\t\t\t<\/div>\n\t\t\t\t<\/div>\n\t\t\t\t<div class=\"elementor-element elementor-element-538090e0 elementor-widget elementor-widget-heading\" data-id=\"538090e0\" data-element_type=\"widget\" data-widget_type=\"heading.default\">\n\t\t\t\t<div class=\"elementor-widget-container\">\n\t\t\t\t\t<h5 class=\"elementor-heading-title elementor-size-medium\">Martes, 11 de julio de 2023\n <BLOCKQUOTE>*La UTT tuvo presencia en el evento de aeron\u00e1utica m\u00e1s importante a nivel mundial para promover el talento de sus estudiantes <p> <\/p>\n\nTIJUANA.- En seguimiento a la gira de trabajo realizada por Francia, tras asistir al Paris Air Show 2023, la Universidad Tecnol\u00f3gica de Tijuana (UTT) refrend\u00f3 el convenio de colaboraci\u00f3n que sostiene con la empresa Safran Cabin Tijuana.<p> <\/p>\n\nEl rector, Salvador Morales Riub\u00ed, destac\u00f3 que para la instituci\u00f3n es de suma importancia esta alianza con una empresa l\u00edder mundial en manufactura aeron\u00e1utica, ya que el acuerdo que alcanzaron en Francia es desarrollar el talento y prepararlo para los nuevos procesos de producci\u00f3n que se avecinan.<p> <\/p>\n\n\u201cCon este convenio estamos dando un paso m\u00e1s en la tarea que nos propusimos, que es mantenernos cercanos a las empresas del sector aeron\u00e1utico y aeroespacial con las que tuvimos reuniones en el Paris Air Show y que ya est\u00e1n asentadas en Tijuana, como es el caso de Safran\u201d, indic\u00f3. <p> <\/p>\n\nAgradeci\u00f3 a la empresa por abrir las puertas a estudiantes de UTT para que cumplan con su etapa de estad\u00edas profesionales, principalmente de las carreras Manufactura Aeron\u00e1utica, Mecatr\u00f3nica, Electromec\u00e1nica, Procesos Industriales y Mantenimiento Industrial.<p> <\/p>\n\nSafran Cabin Tijuana tambi\u00e9n participa de manera activa en las ferias del empleo y tienen presencia permanente en la bolsa de trabajo de la UTT, a fin de captar talento en el \u00e1rea industrial, as\u00ed como de tecnolog\u00edas de la informaci\u00f3n y log\u00edstica comercial.<p> <\/p>\n\nMientras que, la universidad tecnol\u00f3gica a trav\u00e9s de la Secretar\u00eda de Vinculaci\u00f3n, ofrece cursos de capacitaci\u00f3n al personal de Safran, lo que contribuye a elevar el nivel de productividad y de conocimientos. <p> <\/p>\n\nPor parte de Safran Cabin Tijuana firmaron el convenio de colaboraci\u00f3n el director de Recursos Humanos, Ing. Yv\u00e1n Vega y el coordinador de entrenamiento de Safran, Lic. Enrique Arellano, quienes reconocieron a la Universidad Tecnol\u00f3gica de Tijuana como un importante aliado.<p> <\/p>\n\nCabe recordar que la Universidad Tecnol\u00f3gica de Tijuana, con la representaci\u00f3n del rector, Salvador Morales Riub\u00ed, particip\u00f3 en la reuni\u00f3n de trabajo encabezada por la Secretar\u00eda de Econom\u00eda e Innovaci\u00f3n con altos ejecutivos de Safran, durante los trabajos del Paris Air Show 2023, celebrados a finales del mes de junio.<p> <\/p><\/h5>\t\t\t\t<\/div>\n\t\t\t\t<\/div>\n\t\t\t\t<div class=\"elementor-element elementor-element-3372ec97 elementor-widget elementor-widget-gallery\" data-id=\"3372ec97\" data-element_type=\"widget\" data-settings=\"{&quot;columns&quot;:2,&quot;lazyload&quot;:&quot;yes&quot;,&quot;gallery_layout&quot;:&quot;grid&quot;,&quot;columns_tablet&quot;:2,&quot;columns_mobile&quot;:1,&quot;gap&quot;:{&quot;unit&quot;:&quot;px&quot;,&quot;size&quot;:10,&quot;sizes&quot;:[]},&quot;gap_tablet&quot;:{&quot;unit&quot;:&quot;px&quot;,&quot;size&quot;:10,&quot;sizes&quot;:[]},&quot;gap_mobile&quot;:{&quot;unit&quot;:&quot;px&quot;,&quot;size&quot;:10,&quot;sizes&quot;:[]},&quot;link_to&quot;:&quot;file&quot;,&quot;aspect_ratio&quot;:&quot;3:2&quot;,&quot;overlay_background&quot;:&quot;yes&quot;,&quot;content_hover_animation&quot;:&quot;fade-in&quot;}\" data-widget_type=\"gallery.default\">\n\t\t\t\t<div class=\"elementor-widget-container\">\n\t\t\t\t\t\t\t<div class=\"elementor-gallery__container\">\n\t\t\t\t\t\t\t<a class=\"e-gallery-item elementor-gallery-item elementor-animated-content\" href=\"https:\/\/uttijuana.edu.mx\/wp-content\/uploads\/2023\/07\/EMPRESA-SAFRAN-TRAS-GIRA-2.jpeg\" data-elementor-open-lightbox=\"yes\" data-elementor-lightbox-slideshow=\"3372ec97\" data-elementor-lightbox-title=\"EMPRESA SAFRAN TRAS GIRA 2\" data-e-action-hash=\"#elementor-action%3Aaction%3Dlightbox%26settings%3DeyJpZCI6MTIzOTEsInVybCI6Imh0dHBzOlwvXC91dHRpanVhbmEuZWR1Lm14XC93cC1jb250ZW50XC91cGxvYWRzXC8yMDIzXC8wN1wvRU1QUkVTQS1TQUZSQU4tVFJBUy1HSVJBLTIuanBlZyIsInNsaWRlc2hvdyI6IjMzNzJlYzk3In0%3D\">\n\t\t\t\t\t<div class=\"e-gallery-image elementor-gallery-item__image\" data-thumbnail=\"https:\/\/uttijuana.edu.mx\/wp-content\/uploads\/2023\/07\/EMPRESA-SAFRAN-TRAS-GIRA-2-300x225.jpeg\" data-width=\"300\" data-height=\"225\" aria-label=\"\" role=\"img\" ><\/div>\n\t\t\t\t\t\t\t\t\t\t\t<div class=\"elementor-gallery-item__overlay\"><\/div>\n\t\t\t\t\t\t\t\t\t\t\t\t\t\t<\/a>\n\t\t\t\t\t\t\t<a class=\"e-gallery-item elementor-gallery-item elementor-animated-content\" href=\"https:\/\/uttijuana.edu.mx\/wp-content\/uploads\/2023\/07\/EMPRESA-SAFRAN-TRAS-GIRA-3.jpeg\" data-elementor-open-lightbox=\"yes\" data-elementor-lightbox-slideshow=\"3372ec97\" data-elementor-lightbox-title=\"EMPRESA SAFRAN TRAS GIRA 3\" data-e-action-hash=\"#elementor-action%3Aaction%3Dlightbox%26settings%3DeyJpZCI6MTIzOTAsInVybCI6Imh0dHBzOlwvXC91dHRpanVhbmEuZWR1Lm14XC93cC1jb250ZW50XC91cGxvYWRzXC8yMDIzXC8wN1wvRU1QUkVTQS1TQUZSQU4tVFJBUy1HSVJBLTMuanBlZyIsInNsaWRlc2hvdyI6IjMzNzJlYzk3In0%3D\">\n\t\t\t\t\t<div class=\"e-gallery-image elementor-gallery-item__image\" data-thumbnail=\"https:\/\/uttijuana.edu.mx\/wp-content\/uploads\/2023\/07\/EMPRESA-SAFRAN-TRAS-GIRA-3-300x225.jpeg\" data-width=\"300\" data-height=\"225\" aria-label=\"\" role=\"img\" ><\/div>\n\t\t\t\t\t\t\t\t\t\t\t<div class=\"elementor-gallery-item__overlay\"><\/div>\n\t\t\t\t\t\t\t\t\t\t\t\t\t\t<\/a>\n\t\t\t\t\t<\/div>\n\t\t\t\t\t<\/div>\n\t\t\t\t<\/div>\n\t\t\t\t<div class=\"elementor-element elementor-element-7164f115 elementor-widget elementor-widget-spacer\" data-id=\"7164f115\" data-element_type=\"widget\" data-widget_type=\"spacer.default\">\n\t\t\t\t<div class=\"elementor-widget-container\">\n\t\t\t\t\t\t\t<div class=\"elementor-spacer\">\n\t\t\t<div class=\"elementor-spacer-inner\"><\/div>\n\t\t<\/div>\n\t\t\t\t\t\t<\/div>\n\t\t\t\t<\/div>\n\t\t\t\t\t<\/div>\n\t\t<\/div>\n\t\t\t\t\t<\/div>\n\t\t<\/section>\n\t\t\t\t<\/div>\n\t\t","protected":false},"excerpt":{"rendered":"<p>REFUERZA UTT LAZOS CON EMPRESA SAFRAN TRAS GIRA DE TRABAJO POR FRANCIA Martes, 11 de julio de 2023 *La UTT tuvo presencia en el evento de aeron\u00e1utica m\u00e1s importante a nivel mundial para promover el talento de sus estudiantes TIJUANA.- En seguimiento a la gira de trabajo realizada por Francia, tras asistir al Paris Air Show 2023, la Universidad Tecnol\u00f3gica de Tijuana (UTT) refrend\u00f3 el convenio de colaboraci\u00f3n que sostiene con la empresa Safran Cabin Tijuana. El rector, Salvador Morales Riub\u00ed, destac\u00f3 que para la instituci\u00f3n es de suma importancia esta alianza con una empresa l\u00edder mundial en manufactura aeron\u00e1utica, ya que el acuerdo que alcanzaron en Francia es desarrollar el talento y prepararlo para los nuevos procesos de producci\u00f3n que se avecinan. \u201cCon este convenio estamos dando un paso m\u00e1s en la tarea que nos propusimos, que es mantenernos cercanos a las empresas del sector aeron\u00e1utico y aeroespacial con las que tuvimos reuniones en el Paris Air Show y que ya est\u00e1n asentadas en Tijuana, como es el caso de Safran\u201d, indic\u00f3. Agradeci\u00f3 a la empresa por abrir las puertas a estudiantes de UTT para que cumplan con su etapa de estad\u00edas profesionales, principalmente de las carreras Manufactura Aeron\u00e1utica, Mecatr\u00f3nica, Electromec\u00e1nica, Procesos Industriales y Mantenimiento Industrial. Safran Cabin Tijuana tambi\u00e9n participa de manera activa en las ferias del empleo y tienen presencia permanente en la bolsa de trabajo de la UTT, a fin de captar talento en el \u00e1rea industrial, as\u00ed como de tecnolog\u00edas de la informaci\u00f3n y log\u00edstica comercial. Mientras que, la universidad tecnol\u00f3gica a trav\u00e9s de la Secretar\u00eda de Vinculaci\u00f3n, ofrece cursos de capacitaci\u00f3n al personal de Safran, lo que contribuye a elevar el nivel de productividad y de conocimientos. Por parte de Safran Cabin Tijuana firmaron el convenio de colaboraci\u00f3n el director de Recursos Humanos, Ing. Yv\u00e1n Vega y el coordinador de entrenamiento de Safran, Lic. Enrique Arellano, quienes reconocieron a la Universidad Tecnol\u00f3gica de Tijuana como un importante aliado. Cabe recordar que la Universidad Tecnol\u00f3gica de Tijuana, con la representaci\u00f3n del rector, Salvador Morales Riub\u00ed, particip\u00f3 en la reuni\u00f3n de trabajo encabezada por la Secretar\u00eda de Econom\u00eda e Innovaci\u00f3n con altos ejecutivos de Safran, durante los trabajos del Paris Air Show 2023, celebrados a finales del mes de junio.<\/p>\n","protected":false},"author":2,"featured_media":0,"parent":0,"menu_order":0,"comment_status":"closed","ping_status":"closed","template":"","meta":{"_monsterinsights_skip_tracking":false,"_monsterinsights_sitenote_active":false,"_monsterinsights_sitenote_note":"","_monsterinsights_sitenote_category":0,"_uf_show_specific_survey":0,"_uf_disable_surveys":false,"site-sidebar-layout":"no-sidebar","site-content-layout":"page-builder","ast-site-content-layout":"default","site-content-style":"default","site-sidebar-style":"default","ast-global-header-display":"","ast-banner-title-visibility":"","ast-main-header-display":"","ast-hfb-above-header-display":"","ast-hfb-below-header-display":"","ast-hfb-mobile-header-display":"","site-post-title":"disabled","ast-breadcrumbs-content":"","ast-featured-img":"disabled","footer-sml-layout":"","ast-disable-related-posts":"","theme-transparent-header-meta":"","adv-header-id-meta":"","stick-header-meta":"","header-above-stick-meta":"","header-main-stick-meta":"","header-below-stick-meta":"","astra-migrate-meta-layouts":"default","ast-page-background-enabled":"default","ast-page-background-meta":{"desktop":{"background-color":"","background-image":"","background-repeat":"repeat","background-position":"center center","background-size":"auto","background-attachment":"scroll","background-type":"","background-media":"","overlay-type":"","overlay-color":"","overlay-opacity":"","overlay-gradient":""},"tablet":{"background-color":"","background-image":"","background-repeat":"repeat","background-position":"center center","background-size":"auto","background-attachment":"scroll","background-type":"","background-media":"","overlay-type":"","overlay-color":"","overlay-opacity":"","overlay-gradient":""},"mobile":{"background-color":"","background-image":"","background-repeat":"repeat","background-position":"center center","background-size":"auto","background-attachment":"scroll","background-type":"","background-media":"","overlay-type":"","overlay-color":"","overlay-opacity":"","overlay-gradient":""}},"ast-content-background-meta":{"desktop":{"background-color":"var(--ast-global-color-5)","background-image":"","background-repeat":"repeat","background-position":"center center","background-size":"auto","background-attachment":"scroll","background-type":"","background-media":"","overlay-type":"","overlay-color":"","overlay-opacity":"","overlay-gradient":""},"tablet":{"background-color":"var(--ast-global-color-5)","background-image":"","background-repeat":"repeat","background-position":"center center","background-size":"auto","background-attachment":"scroll","background-type":"","background-media":"","overlay-type":"","overlay-color":"","overlay-opacity":"","overlay-gradient":""},"mobile":{"background-color":"var(--ast-global-color-5)","background-image":"","background-repeat":"repeat","background-position":"center center","background-size":"auto","background-attachment":"scroll","background-type":"","background-media":"","overlay-type":"","overlay-color":"","overlay-opacity":"","overlay-gradient":""}},"footnotes":""},"class_list":["post-12402","page","type-page","status-publish","hentry"],"_links":{"self":[{"href":"https:\/\/uttijuana.edu.mx\/index.php\/wp-json\/wp\/v2\/pages\/12402","targetHints":{"allow":["GET"]}}],"collection":[{"href":"https:\/\/uttijuana.edu.mx\/index.php\/wp-json\/wp\/v2\/pages"}],"about":[{"href":"https:\/\/uttijuana.edu.mx\/index.php\/wp-json\/wp\/v2\/types\/page"}],"author":[{"embeddable":true,"href":"https:\/\/uttijuana.edu.mx\/index.php\/wp-json\/wp\/v2\/users\/2"}],"replies":[{"embeddable":true,"href":"https:\/\/uttijuana.edu.mx\/index.php\/wp-json\/wp\/v2\/comments?post=12402"}],"version-history":[{"count":4,"href":"https:\/\/uttijuana.edu.mx\/index.php\/wp-json\/wp\/v2\/pages\/12402\/revisions"}],"predecessor-version":[{"id":12407,"href":"https:\/\/uttijuana.edu.mx\/index.php\/wp-json\/wp\/v2\/pages\/12402\/revisions\/12407"}],"wp:attachment":[{"href":"https:\/\/uttijuana.edu.mx\/index.php\/wp-json\/wp\/v2\/media?parent=12402"}],"curies":[{"name":"wp","href":"https:\/\/api.w.org\/{rel}","templated":true}]}}