{"id":12998,"date":"2023-09-28T18:38:52","date_gmt":"2023-09-28T18:38:52","guid":{"rendered":"https:\/\/uttijuana.edu.mx\/?page_id=12998"},"modified":"2023-09-28T18:43:00","modified_gmt":"2023-09-28T18:43:00","slug":"recibe-utt-comitiva-de-reclutadores-alemanes","status":"publish","type":"page","link":"https:\/\/uttijuana.edu.mx\/index.php\/recibe-utt-comitiva-de-reclutadores-alemanes\/","title":{"rendered":"RECIBE UTT COMITIVA DE RECLUTADORES ALEMANES"},"content":{"rendered":"\t\t<div data-elementor-type=\"wp-page\" data-elementor-id=\"12998\" class=\"elementor elementor-12998\" data-elementor-post-type=\"page\">\n\t\t\t\t\t\t<section class=\"elementor-section elementor-top-section elementor-element elementor-element-4eeed66d elementor-section-boxed elementor-section-height-default elementor-section-height-default wpr-particle-no wpr-jarallax-no wpr-parallax-no wpr-sticky-section-no\" data-id=\"4eeed66d\" data-element_type=\"section\">\n\t\t\t\t\t\t<div class=\"elementor-container elementor-column-gap-default\">\n\t\t\t\t\t<div class=\"elementor-column elementor-col-100 elementor-top-column elementor-element elementor-element-1d7e0584\" data-id=\"1d7e0584\" data-element_type=\"column\">\n\t\t\t<div class=\"elementor-widget-wrap elementor-element-populated\">\n\t\t\t\t\t\t<div class=\"elementor-element elementor-element-a801bfa elementor-widget elementor-widget-heading\" data-id=\"a801bfa\" data-element_type=\"widget\" data-widget_type=\"heading.default\">\n\t\t\t\t<div class=\"elementor-widget-container\">\n\t\t\t\t\t<h2 class=\"elementor-heading-title elementor-size-default\">RECIBE UTT COMITIVA DE RECLUTADORES ALEMANES<\/h2>\t\t\t\t<\/div>\n\t\t\t\t<\/div>\n\t\t\t\t<div class=\"elementor-element elementor-element-b2c11fe elementor-widget elementor-widget-image\" data-id=\"b2c11fe\" data-element_type=\"widget\" data-widget_type=\"image.default\">\n\t\t\t\t<div class=\"elementor-widget-container\">\n\t\t\t\t\t\t\t\t\t\t\t\t\t\t\t<img fetchpriority=\"high\" decoding=\"async\" width=\"768\" height=\"511\" src=\"https:\/\/uttijuana.edu.mx\/wp-content\/uploads\/2023\/09\/RECIBE-UTT-COMITIVA-DE-RECLUTADORES-ALEMANES-1-768x511.jpeg\" class=\"attachment-medium_large size-medium_large wp-image-12994\" alt=\"\" srcset=\"https:\/\/uttijuana.edu.mx\/wp-content\/uploads\/2023\/09\/RECIBE-UTT-COMITIVA-DE-RECLUTADORES-ALEMANES-1-768x511.jpeg 768w, https:\/\/uttijuana.edu.mx\/wp-content\/uploads\/2023\/09\/RECIBE-UTT-COMITIVA-DE-RECLUTADORES-ALEMANES-1-300x200.jpeg 300w, https:\/\/uttijuana.edu.mx\/wp-content\/uploads\/2023\/09\/RECIBE-UTT-COMITIVA-DE-RECLUTADORES-ALEMANES-1-1024x682.jpeg 1024w, https:\/\/uttijuana.edu.mx\/wp-content\/uploads\/2023\/09\/RECIBE-UTT-COMITIVA-DE-RECLUTADORES-ALEMANES-1.jpeg 1280w\" sizes=\"(max-width: 768px) 100vw, 768px\" \/>\t\t\t\t\t\t\t\t\t\t\t\t\t\t\t<\/div>\n\t\t\t\t<\/div>\n\t\t\t\t<div class=\"elementor-element elementor-element-36a39410 elementor-widget elementor-widget-heading\" data-id=\"36a39410\" data-element_type=\"widget\" data-widget_type=\"heading.default\">\n\t\t\t\t<div class=\"elementor-widget-container\">\n\t\t\t\t\t<h5 class=\"elementor-heading-title elementor-size-medium\">Viernes, 22 de septiembre de 2023\n<BLOCKQUOTE>* El objetivo fue conocer la oferta educativa y el perfil del talento que se forma en las aulas de la instituci\u00f3n de educaci\u00f3n superior<p><\/p>\n\n\nTIJUANA.- La Universidad Tecnol\u00f3gica de Tijuana (UTT) recibi\u00f3 a una comitiva de reclutadores alemanes que est\u00e1n en la b\u00fasqueda de talento en las \u00e1reas de Ingenier\u00eda, en particular en Mecatr\u00f3nica y Tecnolog\u00edas de la Informaci\u00f3n.<p><\/p>\n\nComo parte de este encuentro, se llev\u00f3 a cabo la firma de una carta de intenci\u00f3n que se traducir\u00e1 en un convenio de colaboraci\u00f3n para promover la internacionalizaci\u00f3n de estudiantes y del alumnado de egreso.<p><\/p>\n\nEl rector, Mtro. Salvador Morales Riub\u00ed, dio la bienvenida a la comitiva, a la que tambi\u00e9n se integraron el ex rector de nuestra instituci\u00f3n, Mtro. Miguel \u00c1ngel Mendoza, y el ex c\u00f3nsul de M\u00e9xico en Calexico y Phoenix, Carlos Flores Vizcarra.<p><\/p>\n\nLes explic\u00f3 que la universidad tecnol\u00f3gica est\u00e1 interesada en que la poblaci\u00f3n estudiantil ampl\u00ede su visi\u00f3n y se prepare para competir en un mundo globalizado, por lo que se trabaja en la vinculaci\u00f3n para generar esas oportunidades.<p><\/p>\n\nEl fundador de la empresa reclutadora de origen alem\u00e1n, AP Global, Jan T. Gierke, reconoci\u00f3 que su pa\u00eds enfrenta la necesidad de profesionales en el \u00e1rea de la salud y de ingenieros, con la ventaja de que \u00e9stos \u00faltimos pueden incorporarse con mayor facilidad al campo laboral.<p><\/p>\n\nEl objetivo que se han planteado es establecer contacto con instituciones como la Universidad Tecnol\u00f3gica de Tijuana (UTT) para reclutar talento que no s\u00f3lo reciba la formaci\u00f3n acad\u00e9mica y la ense\u00f1anza del ingl\u00e9s como un segundo idioma, sino que aprendan el alem\u00e1n.<p><\/p>\n\nDurante su visita recorrieron los laboratorios de c\u00f3mputo en Docencia 1, en donde explicaron a las y los alumnos las oportunidades que tienen de emigrar a Alemania y de trabajar para empresas de ese pa\u00eds, que ofrecen amplias posibilidades de desarrollo profesional.<p><\/p>\n\nTambi\u00e9n conocieron el laboratorio especializado de Mecatr\u00f3nica, en donde se cuenta con el equipamiento necesario para que las y los estudiantes adquieran los conocimientos apegados a la realidad laboral.<p><\/p>\n\nJunto con la comitiva acudi\u00f3 Bernard Otremba-Blanc, director ejecutivo de la empresa BOA Group y quien fuera c\u00f3nsul em\u00e9rito de Alemania en Arizona.<\/h5>\t\t\t\t<\/div>\n\t\t\t\t<\/div>\n\t\t\t\t<div class=\"elementor-element elementor-element-2f1571e1 elementor-widget elementor-widget-spacer\" data-id=\"2f1571e1\" data-element_type=\"widget\" data-widget_type=\"spacer.default\">\n\t\t\t\t<div class=\"elementor-widget-container\">\n\t\t\t\t\t\t\t<div class=\"elementor-spacer\">\n\t\t\t<div class=\"elementor-spacer-inner\"><\/div>\n\t\t<\/div>\n\t\t\t\t\t\t<\/div>\n\t\t\t\t<\/div>\n\t\t\t\t\t<\/div>\n\t\t<\/div>\n\t\t\t\t\t<\/div>\n\t\t<\/section>\n\t\t\t\t<section class=\"elementor-section elementor-top-section elementor-element elementor-element-5642b43 elementor-section-boxed elementor-section-height-default elementor-section-height-default wpr-particle-no wpr-jarallax-no wpr-parallax-no wpr-sticky-section-no\" data-id=\"5642b43\" data-element_type=\"section\">\n\t\t\t\t\t\t<div class=\"elementor-container elementor-column-gap-default\">\n\t\t\t\t\t<div class=\"elementor-column elementor-col-50 elementor-top-column elementor-element elementor-element-40bb9ab\" data-id=\"40bb9ab\" data-element_type=\"column\">\n\t\t\t<div class=\"elementor-widget-wrap elementor-element-populated\">\n\t\t\t\t\t\t<div class=\"elementor-element elementor-element-91a4603 elementor-widget elementor-widget-image\" data-id=\"91a4603\" data-element_type=\"widget\" data-widget_type=\"image.default\">\n\t\t\t\t<div class=\"elementor-widget-container\">\n\t\t\t\t\t\t\t\t\t\t\t\t\t\t\t<img decoding=\"async\" width=\"1024\" height=\"682\" data-src=\"https:\/\/uttijuana.edu.mx\/wp-content\/uploads\/2023\/09\/RECIBE-UTT-COMITIVA-DE-RECLUTADORES-ALEMANES-3-1024x682.jpeg\" class=\"attachment-large size-large wp-image-12993 lazyload\" alt=\"\" data-srcset=\"https:\/\/uttijuana.edu.mx\/wp-content\/uploads\/2023\/09\/RECIBE-UTT-COMITIVA-DE-RECLUTADORES-ALEMANES-3-1024x682.jpeg 1024w, https:\/\/uttijuana.edu.mx\/wp-content\/uploads\/2023\/09\/RECIBE-UTT-COMITIVA-DE-RECLUTADORES-ALEMANES-3-300x200.jpeg 300w, https:\/\/uttijuana.edu.mx\/wp-content\/uploads\/2023\/09\/RECIBE-UTT-COMITIVA-DE-RECLUTADORES-ALEMANES-3-768x511.jpeg 768w, https:\/\/uttijuana.edu.mx\/wp-content\/uploads\/2023\/09\/RECIBE-UTT-COMITIVA-DE-RECLUTADORES-ALEMANES-3.jpeg 1280w\" data-sizes=\"(max-width: 1024px) 100vw, 1024px\" src=\"data:image\/gif;base64,R0lGODlhAQABAAAAACH5BAEKAAEALAAAAAABAAEAAAICTAEAOw==\" style=\"--smush-placeholder-width: 1024px; --smush-placeholder-aspect-ratio: 1024\/682;\" \/>\t\t\t\t\t\t\t\t\t\t\t\t\t\t\t<\/div>\n\t\t\t\t<\/div>\n\t\t\t\t\t<\/div>\n\t\t<\/div>\n\t\t\t\t<div class=\"elementor-column elementor-col-50 elementor-top-column elementor-element elementor-element-c71083a\" data-id=\"c71083a\" data-element_type=\"column\">\n\t\t\t<div class=\"elementor-widget-wrap elementor-element-populated\">\n\t\t\t\t\t\t<div class=\"elementor-element elementor-element-128b788 elementor-widget elementor-widget-image\" data-id=\"128b788\" data-element_type=\"widget\" data-widget_type=\"image.default\">\n\t\t\t\t<div class=\"elementor-widget-container\">\n\t\t\t\t\t\t\t\t\t\t\t\t\t\t\t<img decoding=\"async\" width=\"1024\" height=\"682\" data-src=\"https:\/\/uttijuana.edu.mx\/wp-content\/uploads\/2023\/09\/RECIBE-UTT-COMITIVA-DE-RECLUTADORES-ALEMANES-2-1024x682.jpeg\" class=\"attachment-large size-large wp-image-12992 lazyload\" alt=\"\" data-srcset=\"https:\/\/uttijuana.edu.mx\/wp-content\/uploads\/2023\/09\/RECIBE-UTT-COMITIVA-DE-RECLUTADORES-ALEMANES-2-1024x682.jpeg 1024w, https:\/\/uttijuana.edu.mx\/wp-content\/uploads\/2023\/09\/RECIBE-UTT-COMITIVA-DE-RECLUTADORES-ALEMANES-2-300x200.jpeg 300w, https:\/\/uttijuana.edu.mx\/wp-content\/uploads\/2023\/09\/RECIBE-UTT-COMITIVA-DE-RECLUTADORES-ALEMANES-2-768x511.jpeg 768w, https:\/\/uttijuana.edu.mx\/wp-content\/uploads\/2023\/09\/RECIBE-UTT-COMITIVA-DE-RECLUTADORES-ALEMANES-2.jpeg 1280w\" data-sizes=\"(max-width: 1024px) 100vw, 1024px\" src=\"data:image\/gif;base64,R0lGODlhAQABAAAAACH5BAEKAAEALAAAAAABAAEAAAICTAEAOw==\" style=\"--smush-placeholder-width: 1024px; --smush-placeholder-aspect-ratio: 1024\/682;\" \/>\t\t\t\t\t\t\t\t\t\t\t\t\t\t\t<\/div>\n\t\t\t\t<\/div>\n\t\t\t\t\t<\/div>\n\t\t<\/div>\n\t\t\t\t\t<\/div>\n\t\t<\/section>\n\t\t\t\t<\/div>\n\t\t","protected":false},"excerpt":{"rendered":"<p>RECIBE UTT COMITIVA DE RECLUTADORES ALEMANES Viernes, 22 de septiembre de 2023 * El objetivo fue conocer la oferta educativa y el perfil del talento que se forma en las aulas de la instituci\u00f3n de educaci\u00f3n superior TIJUANA.- La Universidad Tecnol\u00f3gica de Tijuana (UTT) recibi\u00f3 a una comitiva de reclutadores alemanes que est\u00e1n en la b\u00fasqueda de talento en las \u00e1reas de Ingenier\u00eda, en particular en Mecatr\u00f3nica y Tecnolog\u00edas de la Informaci\u00f3n. Como parte de este encuentro, se llev\u00f3 a cabo la firma de una carta de intenci\u00f3n que se traducir\u00e1 en un convenio de colaboraci\u00f3n para promover la internacionalizaci\u00f3n de estudiantes y del alumnado de egreso. El rector, Mtro. Salvador Morales Riub\u00ed, dio la bienvenida a la comitiva, a la que tambi\u00e9n se integraron el ex rector de nuestra instituci\u00f3n, Mtro. Miguel \u00c1ngel Mendoza, y el ex c\u00f3nsul de M\u00e9xico en Calexico y Phoenix, Carlos Flores Vizcarra. Les explic\u00f3 que la universidad tecnol\u00f3gica est\u00e1 interesada en que la poblaci\u00f3n estudiantil ampl\u00ede su visi\u00f3n y se prepare para competir en un mundo globalizado, por lo que se trabaja en la vinculaci\u00f3n para generar esas oportunidades. El fundador de la empresa reclutadora de origen alem\u00e1n, AP Global, Jan T. Gierke, reconoci\u00f3 que su pa\u00eds enfrenta la necesidad de profesionales en el \u00e1rea de la salud y de ingenieros, con la ventaja de que \u00e9stos \u00faltimos pueden incorporarse con mayor facilidad al campo laboral. El objetivo que se han planteado es establecer contacto con instituciones como la Universidad Tecnol\u00f3gica de Tijuana (UTT) para reclutar talento que no s\u00f3lo reciba la formaci\u00f3n acad\u00e9mica y la ense\u00f1anza del ingl\u00e9s como un segundo idioma, sino que aprendan el alem\u00e1n. Durante su visita recorrieron los laboratorios de c\u00f3mputo en Docencia 1, en donde explicaron a las y los alumnos las oportunidades que tienen de emigrar a Alemania y de trabajar para empresas de ese pa\u00eds, que ofrecen amplias posibilidades de desarrollo profesional. Tambi\u00e9n conocieron el laboratorio especializado de Mecatr\u00f3nica, en donde se cuenta con el equipamiento necesario para que las y los estudiantes adquieran los conocimientos apegados a la realidad laboral. Junto con la comitiva acudi\u00f3 Bernard Otremba-Blanc, director ejecutivo de la empresa BOA Group y quien fuera c\u00f3nsul em\u00e9rito de Alemania en Arizona.<\/p>\n","protected":false},"author":2,"featured_media":0,"parent":0,"menu_order":0,"comment_status":"closed","ping_status":"closed","template":"","meta":{"_monsterinsights_skip_tracking":false,"_monsterinsights_sitenote_active":false,"_monsterinsights_sitenote_note":"","_monsterinsights_sitenote_category":0,"_uf_show_specific_survey":0,"_uf_disable_surveys":false,"site-sidebar-layout":"no-sidebar","site-content-layout":"page-builder","ast-site-content-layout":"full-width-container","site-content-style":"unboxed","site-sidebar-style":"unboxed","ast-global-header-display":"","ast-banner-title-visibility":"","ast-main-header-display":"","ast-hfb-above-header-display":"","ast-hfb-below-header-display":"","ast-hfb-mobile-header-display":"","site-post-title":"disabled","ast-breadcrumbs-content":"","ast-featured-img":"disabled","footer-sml-layout":"","ast-disable-related-posts":"","theme-transparent-header-meta":"","adv-header-id-meta":"","stick-header-meta":"","header-above-stick-meta":"","header-main-stick-meta":"","header-below-stick-meta":"","astra-migrate-meta-layouts":"set","ast-page-background-enabled":"default","ast-page-background-meta":{"desktop":{"background-color":"","background-image":"","background-repeat":"repeat","background-position":"center center","background-size":"auto","background-attachment":"scroll","background-type":"","background-media":"","overlay-type":"","overlay-color":"","overlay-opacity":"","overlay-gradient":""},"tablet":{"background-color":"","background-image":"","background-repeat":"repeat","background-position":"center center","background-size":"auto","background-attachment":"scroll","background-type":"","background-media":"","overlay-type":"","overlay-color":"","overlay-opacity":"","overlay-gradient":""},"mobile":{"background-color":"","background-image":"","background-repeat":"repeat","background-position":"center center","background-size":"auto","background-attachment":"scroll","background-type":"","background-media":"","overlay-type":"","overlay-color":"","overlay-opacity":"","overlay-gradient":""}},"ast-content-background-meta":{"desktop":{"background-color":"var(--ast-global-color-5)","background-image":"","background-repeat":"repeat","background-position":"center center","background-size":"auto","background-attachment":"scroll","background-type":"","background-media":"","overlay-type":"","overlay-color":"","overlay-opacity":"","overlay-gradient":""},"tablet":{"background-color":"var(--ast-global-color-5)","background-image":"","background-repeat":"repeat","background-position":"center center","background-size":"auto","background-attachment":"scroll","background-type":"","background-media":"","overlay-type":"","overlay-color":"","overlay-opacity":"","overlay-gradient":""},"mobile":{"background-color":"var(--ast-global-color-5)","background-image":"","background-repeat":"repeat","background-position":"center center","background-size":"auto","background-attachment":"scroll","background-type":"","background-media":"","overlay-type":"","overlay-color":"","overlay-opacity":"","overlay-gradient":""}},"footnotes":""},"class_list":["post-12998","page","type-page","status-publish","hentry"],"_links":{"self":[{"href":"https:\/\/uttijuana.edu.mx\/index.php\/wp-json\/wp\/v2\/pages\/12998","targetHints":{"allow":["GET"]}}],"collection":[{"href":"https:\/\/uttijuana.edu.mx\/index.php\/wp-json\/wp\/v2\/pages"}],"about":[{"href":"https:\/\/uttijuana.edu.mx\/index.php\/wp-json\/wp\/v2\/types\/page"}],"author":[{"embeddable":true,"href":"https:\/\/uttijuana.edu.mx\/index.php\/wp-json\/wp\/v2\/users\/2"}],"replies":[{"embeddable":true,"href":"https:\/\/uttijuana.edu.mx\/index.php\/wp-json\/wp\/v2\/comments?post=12998"}],"version-history":[{"count":7,"href":"https:\/\/uttijuana.edu.mx\/index.php\/wp-json\/wp\/v2\/pages\/12998\/revisions"}],"predecessor-version":[{"id":13006,"href":"https:\/\/uttijuana.edu.mx\/index.php\/wp-json\/wp\/v2\/pages\/12998\/revisions\/13006"}],"wp:attachment":[{"href":"https:\/\/uttijuana.edu.mx\/index.php\/wp-json\/wp\/v2\/media?parent=12998"}],"curies":[{"name":"wp","href":"https:\/\/api.w.org\/{rel}","templated":true}]}}