{"id":9586,"date":"2022-07-13T19:22:34","date_gmt":"2022-07-13T19:22:34","guid":{"rendered":"https:\/\/uttijuana.edu.mx\/?page_id=9586"},"modified":"2022-07-13T19:29:25","modified_gmt":"2022-07-13T19:29:25","slug":"egresan-68-profesionistas-de-la-utt-unidad-academica-ensenada","status":"publish","type":"page","link":"https:\/\/uttijuana.edu.mx\/index.php\/egresan-68-profesionistas-de-la-utt-unidad-academica-ensenada\/","title":{"rendered":"EGRESAN 68 PROFESIONISTAS DE LA UTT UNIDAD ACAD\u00c9MICA ENSENADA\u200b"},"content":{"rendered":"\t\t<div data-elementor-type=\"wp-page\" data-elementor-id=\"9586\" class=\"elementor elementor-9586\" data-elementor-post-type=\"page\">\n\t\t\t\t\t\t<section class=\"elementor-section elementor-top-section elementor-element elementor-element-6ec22f4 elementor-section-boxed elementor-section-height-default elementor-section-height-default wpr-particle-no wpr-jarallax-no wpr-parallax-no wpr-sticky-section-no\" data-id=\"6ec22f4\" data-element_type=\"section\">\n\t\t\t\t\t\t<div class=\"elementor-container elementor-column-gap-default\">\n\t\t\t\t\t<div class=\"elementor-column elementor-col-100 elementor-top-column elementor-element elementor-element-a24333e\" data-id=\"a24333e\" data-element_type=\"column\">\n\t\t\t<div class=\"elementor-widget-wrap elementor-element-populated\">\n\t\t\t\t\t\t<div class=\"elementor-element elementor-element-756b257 elementor-widget elementor-widget-heading\" data-id=\"756b257\" data-element_type=\"widget\" data-widget_type=\"heading.default\">\n\t\t\t\t<div class=\"elementor-widget-container\">\n\t\t\t\t\t<h2 class=\"elementor-heading-title elementor-size-default\"><h2 data-elementor-setting-key=\"title\" data-pen-placeholder=\"Teclea aqu\u00ed...\" style=\"font-style: normal;font-weight: var( --e-global-typography-primary-font-weight );font-family: Montserrat, sans-serif;text-align: center\">EGRESAN 68 PROFESIONISTAS DE LA UTT UNIDAD ACAD\u00c9MICA ENSENADA<\/h2><\/h2>\t\t\t\t<\/div>\n\t\t\t\t<\/div>\n\t\t\t\t\t<\/div>\n\t\t<\/div>\n\t\t\t\t\t<\/div>\n\t\t<\/section>\n\t\t\t\t<section class=\"elementor-section elementor-top-section elementor-element elementor-element-85c586a elementor-section-boxed elementor-section-height-default elementor-section-height-default wpr-particle-no wpr-jarallax-no wpr-parallax-no wpr-sticky-section-no\" data-id=\"85c586a\" data-element_type=\"section\">\n\t\t\t\t\t\t<div class=\"elementor-container elementor-column-gap-default\">\n\t\t\t\t\t<div class=\"elementor-column elementor-col-100 elementor-top-column elementor-element elementor-element-4c1ba77\" data-id=\"4c1ba77\" data-element_type=\"column\">\n\t\t\t<div class=\"elementor-widget-wrap elementor-element-populated\">\n\t\t\t\t\t\t<div class=\"elementor-element elementor-element-5b80802 elementor-widget elementor-widget-image\" data-id=\"5b80802\" data-element_type=\"widget\" data-widget_type=\"image.default\">\n\t\t\t\t<div class=\"elementor-widget-container\">\n\t\t\t\t\t\t\t\t\t\t\t\t\t\t\t<img decoding=\"async\" data-src=\"https:\/\/uttijuana.edu.mx\/wp-content\/uploads\/2022\/07\/WhatsApp-Image-2022-07-13-at-10.06.06-AM.jpeg\" title=\"\" alt=\"\" src=\"data:image\/gif;base64,R0lGODlhAQABAAAAACH5BAEKAAEALAAAAAABAAEAAAICTAEAOw==\" class=\"lazyload\" \/>\t\t\t\t\t\t\t\t\t\t\t\t\t\t\t<\/div>\n\t\t\t\t<\/div>\n\t\t\t\t<div class=\"elementor-element elementor-element-9ce680b elementor-widget elementor-widget-heading\" data-id=\"9ce680b\" data-element_type=\"widget\" data-widget_type=\"heading.default\">\n\t\t\t\t<div class=\"elementor-widget-container\">\n\t\t\t\t\t<h5 class=\"elementor-heading-title elementor-size-medium\"> <BLOCKQUOTE>\n Se graduaron un total de 470 profesionistas en Tijuana y Ensenada <p> <\/p>\n\n \nEnsenada, B.C., a 12 de julio de 2022.- Un total de 68 egresados de la Universidad Tecnol\u00f3gica de Tijuana (UTT), pertenecientes a la Unidad Acad\u00e9mica de Ensenada, recibieron su constancia simb\u00f3lica de terminaci\u00f3n de estudios, durante el acto acad\u00e9mico celebrado en el Centro Cultural Riviera.<p> <\/p>\n \nCon la presencia de autoridades educativas e invitados especiales, se realiz\u00f3 el pase de lista de los nuevos profesionistas de las carreras de Ingenier\u00eda en Procesos Bioalimentarios, Ingenier\u00eda en Biotecnolog\u00eda, as\u00ed como de la Licenciatura de Innovaci\u00f3n de Negocios y Mercadotecnia..<p> <\/p>\n \nEl director de la Unidad Acad\u00e9mica de Ensenada, Edgar Flores Mart\u00edn, expres\u00f3 que los graduados son un ejemplo de lucha y esfuerzo, as\u00ed como de disciplina, ya que superaron todos los retos que se encontraron en el camino, sobre todo en los \u00faltimos dos a\u00f1os..<p> <\/p>\n \n\u201cTenemos graduados de tres carreras que han logrado concluir con \u00e9xito sus estudios profesionales\u201d, expres\u00f3, \u201ces para m\u00ed un honor ver una generaci\u00f3n de cuervos l\u00edderes, de cuervos exitosos, es una generaci\u00f3n llena de talento\u201d..<p> <\/p>\n \nAgradeci\u00f3 el respaldo de autoridades, empresas y de la comunidad, principalmente de la delegaci\u00f3n Maneadero, donde est\u00e1 asentada la UTT Unidad Acad\u00e9mica de Ensenada, por abrir las puertas a los alumnos para fortalecer su formaci\u00f3n acad\u00e9mica y permitirles realizar trabajo social..<p> <\/p>\n \nEl alumno con mejor promedio de la generaci\u00f3n, Mois\u00e9s Jovanny Mart\u00ednez Cort\u00e9s, ofreci\u00f3 un mensaje de reconocimiento a sus compa\u00f1eros por el gran esfuerzo que realizaron durante la pandemia y tambi\u00e9n a las familias, que los ayudaron a no darse por vencidos..<p> <\/p>\n \nA nombre del rector, Mtro. Salvador Morales Riub\u00ed, el Secretario Acad\u00e9mico, Francisco Castro Ben\u00edtez, felicit\u00f3 a los graduados por su perseverancia y por haber cumplido un objetivo tan alto, como lo es terminar una carrera universitaria..<p> <\/p>\n \nResalt\u00f3 que en esta graduaci\u00f3n formalizan el egreso de la primera generaci\u00f3n de ingenieros en Biotecnolog\u00eda, que contribuir\u00e1n al desarrollo de su regi\u00f3n y de su estado, mientras que los graduados de la Licenciatura en Innovaci\u00f3n de Negocios y Mercadotecnia pertenecen apenas a la segunda generaci\u00f3n.\n \n\u201cHoy la UTT, maestros, personal administrativo y de apoyo, as\u00ed como personal directivo, nos sentimos muy satisfechos y orgullosos por haber contribuido con su formaci\u00f3n acad\u00e9mica, y estamos seguros que a donde vayan pondr\u00e1n en alto el nombre de esta casa de estudios\u201d, pronunci\u00f3..<p> <\/p>\n \nTras los actos acad\u00e9micos celebrados en Tijuana y Ensenada, la Universidad Tecnol\u00f3gica de Tijuana cumpli\u00f3 con el egres\u00f3 de un total de 470 nuevos profesionistas, pertenecientes a 10 carreras, entre ingenier\u00edas y licenciaturas..<p> <\/p>\n \nAl acto acad\u00e9mico acudieron como invitados especiales la delegada de Oficial\u00eda Mayor del Gobierno del Estado en Ensenada, M\u00f3nica Mar\u00eda Vel\u00e1zquez Castro, la delegada del Sistema Educativo Estatal, Arizbe\u00e9 Monta\u00f1o Zavala y el delegado de Juventud BC, Josu\u00e9 Veliz G\u00f3mez.<\/h5>\t\t\t\t<\/div>\n\t\t\t\t<\/div>\n\t\t\t\t<div class=\"elementor-element elementor-element-59e8b5a elementor-widget elementor-widget-gallery\" data-id=\"59e8b5a\" data-element_type=\"widget\" data-settings=\"{&quot;lazyload&quot;:&quot;yes&quot;,&quot;gallery_layout&quot;:&quot;grid&quot;,&quot;columns&quot;:4,&quot;columns_tablet&quot;:2,&quot;columns_mobile&quot;:1,&quot;gap&quot;:{&quot;unit&quot;:&quot;px&quot;,&quot;size&quot;:10,&quot;sizes&quot;:[]},&quot;gap_tablet&quot;:{&quot;unit&quot;:&quot;px&quot;,&quot;size&quot;:10,&quot;sizes&quot;:[]},&quot;gap_mobile&quot;:{&quot;unit&quot;:&quot;px&quot;,&quot;size&quot;:10,&quot;sizes&quot;:[]},&quot;link_to&quot;:&quot;file&quot;,&quot;aspect_ratio&quot;:&quot;3:2&quot;,&quot;overlay_background&quot;:&quot;yes&quot;,&quot;content_hover_animation&quot;:&quot;fade-in&quot;}\" data-widget_type=\"gallery.default\">\n\t\t\t\t<div class=\"elementor-widget-container\">\n\t\t\t\t\t\t\t<div class=\"elementor-gallery__container\">\n\t\t\t\t\t<\/div>\n\t\t\t\t\t<\/div>\n\t\t\t\t<\/div>\n\t\t\t\t<div class=\"elementor-element elementor-element-185d1cf elementor-widget elementor-widget-spacer\" data-id=\"185d1cf\" data-element_type=\"widget\" data-widget_type=\"spacer.default\">\n\t\t\t\t<div class=\"elementor-widget-container\">\n\t\t\t\t\t\t\t<div class=\"elementor-spacer\">\n\t\t\t<div class=\"elementor-spacer-inner\"><\/div>\n\t\t<\/div>\n\t\t\t\t\t\t<\/div>\n\t\t\t\t<\/div>\n\t\t\t\t\t<\/div>\n\t\t<\/div>\n\t\t\t\t\t<\/div>\n\t\t<\/section>\n\t\t\t\t<\/div>\n\t\t","protected":false},"excerpt":{"rendered":"<p>EGRESAN 68 PROFESIONISTAS DE LA UTT UNIDAD ACAD\u00c9MICA ENSENADA Se graduaron un total de 470 profesionistas en Tijuana y Ensenada Ensenada, B.C., a 12 de julio de 2022.- Un total de 68 egresados de la Universidad Tecnol\u00f3gica de Tijuana (UTT), pertenecientes a la Unidad Acad\u00e9mica de Ensenada, recibieron su constancia simb\u00f3lica de terminaci\u00f3n de estudios, durante el acto acad\u00e9mico celebrado en el Centro Cultural Riviera. Con la presencia de autoridades educativas e invitados especiales, se realiz\u00f3 el pase de lista de los nuevos profesionistas de las carreras de Ingenier\u00eda en Procesos Bioalimentarios, Ingenier\u00eda en Biotecnolog\u00eda, as\u00ed como de la Licenciatura de Innovaci\u00f3n de Negocios y Mercadotecnia.. El director de la Unidad Acad\u00e9mica de Ensenada, Edgar Flores Mart\u00edn, expres\u00f3 que los graduados son un ejemplo de lucha y esfuerzo, as\u00ed como de disciplina, ya que superaron todos los retos que se encontraron en el camino, sobre todo en los \u00faltimos dos a\u00f1os.. \u201cTenemos graduados de tres carreras que han logrado concluir con \u00e9xito sus estudios profesionales\u201d, expres\u00f3, \u201ces para m\u00ed un honor ver una generaci\u00f3n de cuervos l\u00edderes, de cuervos exitosos, es una generaci\u00f3n llena de talento\u201d.. Agradeci\u00f3 el respaldo de autoridades, empresas y de la comunidad, principalmente de la delegaci\u00f3n Maneadero, donde est\u00e1 asentada la UTT Unidad Acad\u00e9mica de Ensenada, por abrir las puertas a los alumnos para fortalecer su formaci\u00f3n acad\u00e9mica y permitirles realizar trabajo social.. El alumno con mejor promedio de la generaci\u00f3n, Mois\u00e9s Jovanny Mart\u00ednez Cort\u00e9s, ofreci\u00f3 un mensaje de reconocimiento a sus compa\u00f1eros por el gran esfuerzo que realizaron durante la pandemia y tambi\u00e9n a las familias, que los ayudaron a no darse por vencidos.. A nombre del rector, Mtro. Salvador Morales Riub\u00ed, el Secretario Acad\u00e9mico, Francisco Castro Ben\u00edtez, felicit\u00f3 a los graduados por su perseverancia y por haber cumplido un objetivo tan alto, como lo es terminar una carrera universitaria.. Resalt\u00f3 que en esta graduaci\u00f3n formalizan el egreso de la primera generaci\u00f3n de ingenieros en Biotecnolog\u00eda, que contribuir\u00e1n al desarrollo de su regi\u00f3n y de su estado, mientras que los graduados de la Licenciatura en Innovaci\u00f3n de Negocios y Mercadotecnia pertenecen apenas a la segunda generaci\u00f3n. \u201cHoy la UTT, maestros, personal administrativo y de apoyo, as\u00ed como personal directivo, nos sentimos muy satisfechos y orgullosos por haber contribuido con su formaci\u00f3n acad\u00e9mica, y estamos seguros que a donde vayan pondr\u00e1n en alto el nombre de esta casa de estudios\u201d, pronunci\u00f3.. Tras los actos acad\u00e9micos celebrados en Tijuana y Ensenada, la Universidad Tecnol\u00f3gica de Tijuana cumpli\u00f3 con el egres\u00f3 de un total de 470 nuevos profesionistas, pertenecientes a 10 carreras, entre ingenier\u00edas y licenciaturas.. Al acto acad\u00e9mico acudieron como invitados especiales la delegada de Oficial\u00eda Mayor del Gobierno del Estado en Ensenada, M\u00f3nica Mar\u00eda Vel\u00e1zquez Castro, la delegada del Sistema Educativo Estatal, Arizbe\u00e9 Monta\u00f1o Zavala y el delegado de Juventud BC, Josu\u00e9 Veliz G\u00f3mez.<\/p>\n","protected":false},"author":2,"featured_media":0,"parent":0,"menu_order":0,"comment_status":"closed","ping_status":"closed","template":"","meta":{"_monsterinsights_skip_tracking":false,"_monsterinsights_sitenote_active":false,"_monsterinsights_sitenote_note":"","_monsterinsights_sitenote_category":0,"_uf_show_specific_survey":0,"_uf_disable_surveys":false,"site-sidebar-layout":"no-sidebar","site-content-layout":"page-builder","ast-site-content-layout":"default","site-content-style":"default","site-sidebar-style":"default","ast-global-header-display":"","ast-banner-title-visibility":"","ast-main-header-display":"","ast-hfb-above-header-display":"","ast-hfb-below-header-display":"","ast-hfb-mobile-header-display":"","site-post-title":"disabled","ast-breadcrumbs-content":"","ast-featured-img":"disabled","footer-sml-layout":"","ast-disable-related-posts":"","theme-transparent-header-meta":"","adv-header-id-meta":"","stick-header-meta":"","header-above-stick-meta":"","header-main-stick-meta":"","header-below-stick-meta":"","astra-migrate-meta-layouts":"default","ast-page-background-enabled":"default","ast-page-background-meta":{"desktop":{"background-color":"","background-image":"","background-repeat":"repeat","background-position":"center center","background-size":"auto","background-attachment":"scroll","background-type":"","background-media":"","overlay-type":"","overlay-color":"","overlay-opacity":"","overlay-gradient":""},"tablet":{"background-color":"","background-image":"","background-repeat":"repeat","background-position":"center center","background-size":"auto","background-attachment":"scroll","background-type":"","background-media":"","overlay-type":"","overlay-color":"","overlay-opacity":"","overlay-gradient":""},"mobile":{"background-color":"","background-image":"","background-repeat":"repeat","background-position":"center center","background-size":"auto","background-attachment":"scroll","background-type":"","background-media":"","overlay-type":"","overlay-color":"","overlay-opacity":"","overlay-gradient":""}},"ast-content-background-meta":{"desktop":{"background-color":"var(--ast-global-color-5)","background-image":"","background-repeat":"repeat","background-position":"center center","background-size":"auto","background-attachment":"scroll","background-type":"","background-media":"","overlay-type":"","overlay-color":"","overlay-opacity":"","overlay-gradient":""},"tablet":{"background-color":"var(--ast-global-color-5)","background-image":"","background-repeat":"repeat","background-position":"center center","background-size":"auto","background-attachment":"scroll","background-type":"","background-media":"","overlay-type":"","overlay-color":"","overlay-opacity":"","overlay-gradient":""},"mobile":{"background-color":"var(--ast-global-color-5)","background-image":"","background-repeat":"repeat","background-position":"center center","background-size":"auto","background-attachment":"scroll","background-type":"","background-media":"","overlay-type":"","overlay-color":"","overlay-opacity":"","overlay-gradient":""}},"footnotes":""},"class_list":["post-9586","page","type-page","status-publish","hentry"],"_links":{"self":[{"href":"https:\/\/uttijuana.edu.mx\/index.php\/wp-json\/wp\/v2\/pages\/9586","targetHints":{"allow":["GET"]}}],"collection":[{"href":"https:\/\/uttijuana.edu.mx\/index.php\/wp-json\/wp\/v2\/pages"}],"about":[{"href":"https:\/\/uttijuana.edu.mx\/index.php\/wp-json\/wp\/v2\/types\/page"}],"author":[{"embeddable":true,"href":"https:\/\/uttijuana.edu.mx\/index.php\/wp-json\/wp\/v2\/users\/2"}],"replies":[{"embeddable":true,"href":"https:\/\/uttijuana.edu.mx\/index.php\/wp-json\/wp\/v2\/comments?post=9586"}],"version-history":[{"count":7,"href":"https:\/\/uttijuana.edu.mx\/index.php\/wp-json\/wp\/v2\/pages\/9586\/revisions"}],"predecessor-version":[{"id":9599,"href":"https:\/\/uttijuana.edu.mx\/index.php\/wp-json\/wp\/v2\/pages\/9586\/revisions\/9599"}],"wp:attachment":[{"href":"https:\/\/uttijuana.edu.mx\/index.php\/wp-json\/wp\/v2\/media?parent=9586"}],"curies":[{"name":"wp","href":"https:\/\/api.w.org\/{rel}","templated":true}]}}